{"id":539,"date":"2024-04-14T10:52:56","date_gmt":"2024-04-14T08:52:56","guid":{"rendered":"https:\/\/aschaffenburg.fau.org\/?post_type=tribe_events&#038;p=539"},"modified":"2024-04-15T08:09:35","modified_gmt":"2024-04-15T06:09:35","slug":"demonstration-come-together","status":"publish","type":"tribe_events","link":"https:\/\/aschaffenburg.fau.org\/?tribe_events=demonstration-come-together","title":{"rendered":"Demonstration &#038; Come Together"},"content":{"rendered":"<h3><strong>WIR WOLLEN MEHR VOM LEBEN!<\/strong><\/h3>\n<p><strong>Der 1. Mai mit der FAU Aschaffenburg:<\/strong><\/p>\n<p><strong>Beteiligung an der Demonstration des DGB<\/strong><br \/>\nWir fordern radikale Arbeitszeitverk\u00fcrzung bei vollem Lohnausgleich<br \/>\n<strong>10 Uhr:<\/strong> Start am Lindewerk 1 in der Schweinheimer Str.<\/p>\n<p><strong>FAU Come Together<br \/>\n<\/strong>Getr\u00e4nke, Verpflegung, Musik und Infostand<strong><br \/>\n12 bis 18 Uhr: <\/strong>Caf\u00e9 Kr\u00e9m, Riesengasse 10<\/p>\n<p><strong>*** <em>bei passendem Wetter im Au\u00dfenbereich<\/em> ***<br \/>\n<\/strong><\/p>\n<p>&nbsp;<\/p>\n<blockquote>\n<p class=\"part\" data-startline=\"3\" data-endline=\"3\"><strong>Wir wollen mehr vom Leben: F\u00fcr radikale Arbeitszeitverk\u00fcrzung bei vollem Lohnausgleich!<\/strong><\/p>\n<\/blockquote>\n<p class=\"part\" data-startline=\"6\" data-endline=\"6\">Der 1. Mai ist seit langem fester Bestandteil im Kalender der internationalen Arbeiter:innenbewegung. Seine Wurzeln reichen bis ins 19. Jahrhundert zur\u00fcck, als es zu K\u00e4mpfen f\u00fcr die Einf\u00fchrung des 8-Stunden Tags kam, in deren Folge sieben Anarchisten zum Tode verurteilt wurden.<\/p>\n<p class=\"part\" data-startline=\"8\" data-endline=\"8\">\u201eMan kann nicht ewig wie ein St\u00fcck Vieh leben!\u201c sagte einer der Verurteilten, August Spie\u00df, am Abend des 1. Mai 1886 auf einer Versammlung.<\/p>\n<p class=\"part\" data-startline=\"10\" data-endline=\"10\">Mit diesen Worten brachte er auf den Punkt, worum es damals wie heute ging: Um das Absch\u00fctteln des kapitalistischen Jochs, das uns auf die Rolle von ewigen Lohnsklav:innen degradiert.<\/p>\n<p class=\"part\" data-startline=\"12\" data-endline=\"12\">Der 1. Mai steht also nicht nur in der Tradition tagesaktueller K\u00e4mpfe f\u00fcr bessere Arbeits- und Lebensbedingungen. Er steht auch f\u00fcr ein Begehren nach einem Leben in Freiheit, Wohlstand und W\u00fcrde f\u00fcr alle.<\/p>\n<p class=\"part\" data-startline=\"14\" data-endline=\"14\">Daran kn\u00fcpfen wir an, wenn wir heute sagen: wir wollen mehr vom Leben &#8211; f\u00fcr radikale Arbeitsverk\u00fcrzung bei vollem Lohnausgleich!<\/p>\n<p class=\"part\" data-startline=\"16\" data-endline=\"16\">Beteiligt euch an der Gewerkschaftsdemo und verbringt mit uns danach eine gute Zeit bei unserem Come Together im Caf\u00e8 Kr\u00e8m.<\/p>\n<p class=\"part\" data-startline=\"18\" data-endline=\"18\">F\u00fcr Getr\u00e4nke, Verpflegung, Musik und Information ist gesorgt.<\/p>\n<p>&nbsp;<\/p>\n<p><img loading=\"lazy\" decoding=\"async\" class=\"alignnone size-large wp-image-540\" src=\"https:\/\/aschaffenburg.fau.org\/wp-content\/uploads\/2024\/04\/FAU-AB-1.-Mai-2024-724x1024.jpeg\" alt=\"\" width=\"724\" height=\"1024\" srcset=\"https:\/\/aschaffenburg.fau.org\/wp-content\/uploads\/2024\/04\/FAU-AB-1.-Mai-2024-724x1024.jpeg 724w, https:\/\/aschaffenburg.fau.org\/wp-content\/uploads\/2024\/04\/FAU-AB-1.-Mai-2024-212x300.jpeg 212w, https:\/\/aschaffenburg.fau.org\/wp-content\/uploads\/2024\/04\/FAU-AB-1.-Mai-2024-768x1086.jpeg 768w, https:\/\/aschaffenburg.fau.org\/wp-content\/uploads\/2024\/04\/FAU-AB-1.-Mai-2024-248x350.jpeg 248w, https:\/\/aschaffenburg.fau.org\/wp-content\/uploads\/2024\/04\/FAU-AB-1.-Mai-2024-106x150.jpeg 106w, https:\/\/aschaffenburg.fau.org\/wp-content\/uploads\/2024\/04\/FAU-AB-1.-Mai-2024.jpeg 990w\" sizes=\"auto, (max-width: 724px) 100vw, 724px\" \/><\/p>\n","protected":false},"excerpt":{"rendered":"<p>WIR WOLLEN MEHR VOM LEBEN! Der 1. Mai mit der FAU Aschaffenburg: Beteiligung an der Demonstration des DGB Wir fordern radikale Arbeitszeitverk\u00fcrzung bei vollem Lohnausgleich 10 Uhr: Start am Lindewerk 1 in der Schweinheimer Str. FAU Come Together Getr\u00e4nke, Verpflegung, Musik und Infostand 12 bis 18 Uhr: Caf\u00e9 Kr\u00e9m, Riesengasse&#8230; <a class=\"continue-reading-link\" href=\"https:\/\/aschaffenburg.fau.org\/?tribe_events=demonstration-come-together\">Continue reading<\/a><\/p>\n","protected":false},"author":1,"featured_media":0,"template":"","meta":{"_tribe_events_status":"","_tribe_events_status_reason":"","footnotes":""},"tags":[26,17,28],"tribe_events_cat":[],"class_list":["post-539","tribe_events","type-tribe_events","status-publish","hentry","tag-1-mai","tag-basisgewerkschaft","tag-demonstration"],"_links":{"self":[{"href":"https:\/\/aschaffenburg.fau.org\/index.php?rest_route=\/wp\/v2\/tribe_events\/539","targetHints":{"allow":["GET"]}}],"collection":[{"href":"https:\/\/aschaffenburg.fau.org\/index.php?rest_route=\/wp\/v2\/tribe_events"}],"about":[{"href":"https:\/\/aschaffenburg.fau.org\/index.php?rest_route=\/wp\/v2\/types\/tribe_events"}],"author":[{"embeddable":true,"href":"https:\/\/aschaffenburg.fau.org\/index.php?rest_route=\/wp\/v2\/users\/1"}],"version-history":[{"count":10,"href":"https:\/\/aschaffenburg.fau.org\/index.php?rest_route=\/wp\/v2\/tribe_events\/539\/revisions"}],"predecessor-version":[{"id":550,"href":"https:\/\/aschaffenburg.fau.org\/index.php?rest_route=\/wp\/v2\/tribe_events\/539\/revisions\/550"}],"wp:attachment":[{"href":"https:\/\/aschaffenburg.fau.org\/index.php?rest_route=%2Fwp%2Fv2%2Fmedia&parent=539"}],"wp:term":[{"taxonomy":"post_tag","embeddable":true,"href":"https:\/\/aschaffenburg.fau.org\/index.php?rest_route=%2Fwp%2Fv2%2Ftags&post=539"},{"taxonomy":"tribe_events_cat","embeddable":true,"href":"https:\/\/aschaffenburg.fau.org\/index.php?rest_route=%2Fwp%2Fv2%2Ftribe_events_cat&post=539"}],"curies":[{"name":"wp","href":"https:\/\/api.w.org\/{rel}","templated":true}]}}